{"version":"1.0","provider_name":"Ullstein Immobilienmakler - Verkauf und Vermietung von Immobilien - Frankfurt am Main - D\u00fcsseldorf - K\u00f6ln - Berlin","provider_url":"https:\/\/www.ullstein.info\/fr\/","author_name":"Angela Ullstein","author_url":"https:\/\/www.ullstein.info\/fr\/author\/angela-ullstein\/","title":"La vente de votre propri\u00e9t\u00e9 - Ullstein Immobilienmakler - Verkauf und Vermietung von Immobilien - Frankfurt am Main - D\u00fcsseldorf - K\u00f6ln - Berlin","type":"rich","width":600,"height":338,"html":"<blockquote class=\"wp-embedded-content\" data-secret=\"TZjFLGP0yv\"><a href=\"https:\/\/www.ullstein.info\/fr\/services\/vente\/\">La vente de votre propri\u00e9t\u00e9<\/a><\/blockquote><iframe sandbox=\"allow-scripts\" security=\"restricted\" src=\"https:\/\/www.ullstein.info\/fr\/services\/vente\/embed\/#?secret=TZjFLGP0yv\" width=\"600\" height=\"338\" title=\"\u00ab\u00a0La vente de votre propri\u00e9t\u00e9\u00a0\u00bb &#8212; Ullstein Immobilienmakler - Verkauf und Vermietung von Immobilien - Frankfurt am Main - D\u00fcsseldorf - K\u00f6ln - Berlin\" data-secret=\"TZjFLGP0yv\" frameborder=\"0\" marginwidth=\"0\" marginheight=\"0\" scrolling=\"no\" class=\"wp-embedded-content\"><\/iframe><script type=\"text\/javascript\">\n\/*! This file is auto-generated *\/\n!function(d,l){\"use strict\";var e=!1,o=!1;if(l.querySelector)if(d.addEventListener)e=!0;if(d.wp=d.wp||{},!d.wp.receiveEmbedMessage)if(d.wp.receiveEmbedMessage=function(e){var t=e.data;if(t)if(t.secret||t.message||t.value)if(!\/[^a-zA-Z0-9]\/.test(t.secret)){for(var r,a,i,s=l.querySelectorAll('iframe[data-secret=\"'+t.secret+'\"]'),n=l.querySelectorAll('blockquote[data-secret=\"'+t.secret+'\"]'),o=new RegExp(\"^https?:$\",\"i\"),c=0;c<n.length;c++)n[c].style.display=\"none\";for(c=0;c<s.length;c++)if(r=s[c],e.source===r.contentWindow){if(r.removeAttribute(\"style\"),\"height\"===t.message){if(1e3<(i=parseInt(t.value,10)))i=1e3;else if(~~i<200)i=200;r.height=i}if(\"link\"===t.message)if(a=l.createElement(\"a\"),i=l.createElement(\"a\"),a.href=r.getAttribute(\"src\"),i.href=t.value,o.test(i.protocol))if(i.host===a.host)if(l.activeElement===r)d.top.location.href=t.value}}},e)d.addEventListener(\"message\",d.wp.receiveEmbedMessage,!1),l.addEventListener(\"DOMContentLoaded\",t,!1),d.addEventListener(\"load\",t,!1);function t(){if(!o){o=!0;for(var e,t,r,a=-1!==navigator.appVersion.indexOf(\"MSIE 10\"),i=!!navigator.userAgent.match(\/Trident.*rv:11\\.\/),s=l.querySelectorAll(\"iframe.wp-embedded-content\"),n=0;n<s.length;n++){if(!(r=(t=s[n]).getAttribute(\"data-secret\")))r=Math.random().toString(36).substr(2,10),t.src+=\"#?secret=\"+r,t.setAttribute(\"data-secret\",r);if(a||i)(e=t.cloneNode(!0)).removeAttribute(\"security\"),t.parentNode.replaceChild(e,t);t.contentWindow.postMessage({message:\"ready\",secret:r},\"*\")}}}}(window,document);\n<\/script>\n","description":"[vc_row enable_waypoint=\u00a0\u00bbenable_waypoint\u00a0\u00bb viewportfactor=\u00a0\u00bb0&Prime; effect=\u00a0\u00bbfadeInUp\u00a0\u00bb timing=\u00a0\u00bbeaseInOut\u00a0\u00bb][vc_column][vc_empty_space height=\u00a0\u00bb0px\u00a0\u00bb][vc_column_text]La vente d\u2019une propri\u00e9t\u00e9 requiert une d\u00e9marche structur\u00e9e. Des comp\u00e9tences sp\u00e9cifiques au march\u00e9 de l\u2019immmobilier, du temps, et une assistance publicitaire cibl\u00e9e sont indispensables \u00e0 la r\u00e9alisation de cette transaction. Nous souhaitons vous exposer ci-dessous tous les param\u00e8tres \u00e0 controler pour une op\u00e9ration fiable sur les plans commercial et juridique. More info"}